{"version":"1.0","provider_name":"Invisible","provider_url":"https:\/\/invisiblelab.es\/es\/","title":"A\u00fan quedan d\u00edas de verano - Invisible","type":"rich","width":600,"height":338,"html":"<blockquote class=\"wp-embedded-content\" data-secret=\"uxlWmDv7pA\"><a href=\"https:\/\/invisiblelab.es\/es\/proyecto_playground\/aun-quedan-dias-de-verano\/\">A\u00fan quedan d\u00edas de verano<\/a><\/blockquote><iframe sandbox=\"allow-scripts\" security=\"restricted\" src=\"https:\/\/invisiblelab.es\/es\/proyecto_playground\/aun-quedan-dias-de-verano\/embed\/#?secret=uxlWmDv7pA\" width=\"600\" height=\"338\" title=\"\u00abA\u00fan quedan d\u00edas de verano\u00bb \u2014 Invisible\" data-secret=\"uxlWmDv7pA\" frameborder=\"0\" marginwidth=\"0\" marginheight=\"0\" scrolling=\"no\" class=\"wp-embedded-content\"><\/iframe><script>\n\/*! This file is auto-generated *\/\n!function(d,l){\"use strict\";l.querySelector&&d.addEventListener&&\"undefined\"!=typeof URL&&(d.wp=d.wp||{},d.wp.receiveEmbedMessage||(d.wp.receiveEmbedMessage=function(e){var t=e.data;if((t||t.secret||t.message||t.value)&&!\/[^a-zA-Z0-9]\/.test(t.secret)){for(var s,r,n,a=l.querySelectorAll('iframe[data-secret=\"'+t.secret+'\"]'),o=l.querySelectorAll('blockquote[data-secret=\"'+t.secret+'\"]'),c=new RegExp(\"^https?:$\",\"i\"),i=0;i<o.length;i++)o[i].style.display=\"none\";for(i=0;i<a.length;i++)s=a[i],e.source===s.contentWindow&&(s.removeAttribute(\"style\"),\"height\"===t.message?(1e3<(r=parseInt(t.value,10))?r=1e3:~~r<200&&(r=200),s.height=r):\"link\"===t.message&&(r=new URL(s.getAttribute(\"src\")),n=new URL(t.value),c.test(n.protocol))&&n.host===r.host&&l.activeElement===s&&(d.top.location.href=t.value))}},d.addEventListener(\"message\",d.wp.receiveEmbedMessage,!1),l.addEventListener(\"DOMContentLoaded\",function(){for(var e,t,s=l.querySelectorAll(\"iframe.wp-embedded-content\"),r=0;r<s.length;r++)(t=(e=s[r]).getAttribute(\"data-secret\"))||(t=Math.random().toString(36).substring(2,12),e.src+=\"#?secret=\"+t,e.setAttribute(\"data-secret\",t)),e.contentWindow.postMessage({message:\"ready\",secret:t},\"*\")},!1)))}(window,document);\n\/\/# sourceURL=https:\/\/invisiblelab.es\/wp-includes\/js\/wp-embed.min.js\n<\/script>\n","thumbnail_url":"https:\/\/invisiblelab.es\/wp-content\/uploads\/2023\/11\/28_Mesa-de-trabajo-1-copia-15-scaled.jpg","thumbnail_width":2560,"thumbnail_height":1440,"description":"\u201cAEMET estima que desde los a\u00f1os 80 del siglo XX los veranos se han alargado diez d\u00edas cada d\u00e9cada.\u201d El verano es el concepto en torno al que gira \u201cScenes 01: A\u00fan quedan d\u00edas de verano.\u201d El verano nos brinda la oportunidad de escapar de las obligaciones del d\u00eda a d\u00eda y abandonar por un [&hellip;]"}